{"id":26438,"date":"2019-11-25T07:45:30","date_gmt":"2019-11-25T06:45:30","guid":{"rendered":"https:\/\/www.mykoplan.ch\/?page_id=26438"},"modified":"2026-03-19T09:31:59","modified_gmt":"2026-03-19T08:31:59","slug":"lunivers-mykoplan","status":"publish","type":"page","link":"https:\/\/www.mykoplan.ch\/fr\/lunivers-mykoplan\/","title":{"rendered":"L\u2019univers Mykoplan\u00ae"},"content":{"rendered":"\n<p class=\"mykoplan-welt-nav\"><a href=\"#anspruch\">Notre exigence<\/a> \/ <a href=\"#qualitaet\">La qualit\u00e9 Mykoplan\u00ae<\/a> \/ <a href=\"#gruender\">La cr\u00e9ation<\/a> \/ <a href=\"#zertifikate\">Certificats<\/a> \/ <a href=\"#netzwerk\">R\u00e9seau<\/a><\/p>\n\n\n\n<div style=\"position:relative\"><div id=\"anspruch\" style=\"position:absolute;top:-60px\"><\/div><\/div>\n\n\n\n<h2 class=\"wp-block-heading\">Notre exigence<\/h2>\n\n\n\n<p>Derri\u00e8re Mykoplan\u00ae se cachent de nombreuses ann\u00e9es de passion pour les champignons vitaux et une solide exp\u00e9rience en naturopathie traditionnelle. <strong>De nombreux th\u00e9rapeutes font confiance aux ingr\u00e9dients de haute qualit\u00e9 et \u00e0 la s\u00e9curit\u00e9 de nos pr\u00e9parations \u00e0 base de champignons vitaux.<\/strong><\/p>\n\n\n\n<div class=\"wp-block-columns is-layout-flex wp-container-core-columns-is-layout-df1ba24e wp-block-columns-is-layout-flex\" style=\"padding-right:32px;padding-left:32px\">\n<div class=\"wp-block-column is-vertically-aligned-center is-layout-flow wp-block-column-is-layout-flow\" style=\"flex-basis:160px\"><div class=\"wp-block-image is-style-rounded\">\n<figure class=\"aligncenter size-full is-resized\"><img loading=\"lazy\" decoding=\"async\" width=\"192\" height=\"192\" src=\"https:\/\/www.mykoplan.ch\/wp-content\/uploads\/2018\/07\/thomas-falzone.jpg\" alt=\"Thomas Falzone\" class=\"wp-image-482\" style=\"width:164px\" srcset=\"https:\/\/www.mykoplan.ch\/wp-content\/uploads\/2018\/07\/thomas-falzone.jpg 192w, https:\/\/www.mykoplan.ch\/wp-content\/uploads\/2018\/07\/thomas-falzone-150x150.jpg 150w, https:\/\/www.mykoplan.ch\/wp-content\/uploads\/2018\/07\/thomas-falzone-100x100.jpg 100w\" sizes=\"auto, (max-width: 192px) 100vw, 192px\" \/><\/figure>\n<\/div><\/div>\n\n\n\n<div class=\"wp-block-column is-content-justification-left is-layout-constrained wp-container-core-column-is-layout-8c890d92 wp-block-column-is-layout-constrained\">\n<blockquote class=\"wp-block-quote is-layout-flow wp-block-quote-is-layout-flow\">\n<p>Afin de fabriquer les meilleurs produits de champignons vitaux bio de qualit\u00e9, nous accordons une grande importance \u00e0 la recherche, au d\u00e9veloppement et \u00e0 l\u2019assurance qualit\u00e9. L\u2019accent n\u2019est pas seulement mis sur le d\u00e9veloppement de nouveaux produits, mais aussi sur l\u2019am\u00e9lioration constante de l\u2019offre existante.<\/p>\n<cite><strong>Thomas Falzone<\/strong><br><a href=\"https:\/\/www.mykoplan.ch\/fr\/\">Propri\u00e9taire et directeur<\/a><\/cite><\/blockquote>\n<\/div>\n<\/div>\n\n\n\n<p>Parce que nous nous engageons honn\u00eatement et avec conviction, le conseil personnalis\u00e9 est une \u00e9vidence chez Mykoplan\u00ae. Et cela vaut pour tous les clients !<\/p>\n\n\n\n<div class=\"wp-block-columns is-layout-flex wp-container-core-columns-is-layout-df1ba24e wp-block-columns-is-layout-flex\" style=\"padding-right:32px;padding-left:32px\">\n<div class=\"wp-block-column is-vertically-aligned-center is-layout-flow wp-block-column-is-layout-flow\" style=\"flex-basis:160px\"><div class=\"wp-block-image is-style-rounded\">\n<figure class=\"aligncenter size-full is-resized\"><img loading=\"lazy\" decoding=\"async\" width=\"500\" height=\"500\" src=\"https:\/\/www.mykoplan.ch\/wp-content\/uploads\/2019\/11\/teamfoto-mitch-web-min.jpg\" alt=\"\" class=\"wp-image-2516\" style=\"width:164px\" srcset=\"https:\/\/www.mykoplan.ch\/wp-content\/uploads\/2019\/11\/teamfoto-mitch-web-min.jpg 500w, https:\/\/www.mykoplan.ch\/wp-content\/uploads\/2019\/11\/teamfoto-mitch-web-min-150x150.jpg 150w, https:\/\/www.mykoplan.ch\/wp-content\/uploads\/2019\/11\/teamfoto-mitch-web-min-300x300.jpg 300w, https:\/\/www.mykoplan.ch\/wp-content\/uploads\/2019\/11\/teamfoto-mitch-web-min-480x480.jpg 480w, https:\/\/www.mykoplan.ch\/wp-content\/uploads\/2019\/11\/teamfoto-mitch-web-min-354x354.jpg 354w, https:\/\/www.mykoplan.ch\/wp-content\/uploads\/2019\/11\/teamfoto-mitch-web-min-100x100.jpg 100w\" sizes=\"auto, (max-width: 500px) 100vw, 500px\" \/><\/figure>\n<\/div><\/div>\n\n\n\n<div class=\"wp-block-column is-content-justification-left is-layout-constrained wp-container-core-column-is-layout-8c890d92 wp-block-column-is-layout-constrained\">\n<blockquote class=\"wp-block-quote is-layout-flow wp-block-quote-is-layout-flow\">\n<p>Les questions suivantes m\u2019ont pr\u00e9occup\u00e9 d\u00e8s le d\u00e9but : de nombreux champignons proviennent de pays \u00e9mergents. Sont-ils \u00e9galement produits de mani\u00e8re \u00e9quitable l\u00e0-bas ? Pourquoi les pr\u00e9cieux champignons vitaux bio sont-ils emball\u00e9s dans du plastique. Et qu\u2019en est-il du concept ?<\/p>\n\n\n\n<p>Nous avons donc os\u00e9 cr\u00e9er nos propres produits en fonction de nos souhaits, de nos exigences et de nos besoins. Les produits sont revaloris\u00e9s, actualis\u00e9s et, ce qui est important pour moi en tant que Japonaise, ils ont un aspect attrayant.<\/p>\n<cite><strong>Michiyo Falzone<\/strong><br><a href=\"https:\/\/www.mykoplan.ch\/fr\/\">Propri\u00e9taire et directrice g\u00e9n\u00e9rale<\/a><\/cite><\/blockquote>\n<\/div>\n<\/div>\n\n\n\n<div style=\"position:relative\"><div id=\"qualitaet\" style=\"position:absolute;top:-60px\"><\/div><\/div>\n\n\n\n<h2 class=\"wp-block-heading\">La qualit\u00e9 Mykoplan\u00ae<\/h2>\n\n\n\n<p>Il est difficile de savoir si les g\u00e9lules contiennent vraiment ce qui est \u00e9crit dessus. <strong>C\u2019est pourquoi nos souches de champignons sont g\u00e9n\u00e9tiquement v\u00e9rifi\u00e9es par le National Center for Biotechnology Information (Maryland, \u00c9tats-Unis).<\/strong> Sur demande, nous vous ferons volontiers parvenir le justificatif des produits \u00e0 base de champignons vitaux v\u00e9rifi\u00e9s et authentiques de Mykoplan\u00ae, pour v\u00e9rification.<\/p>\n\n\n\n<h3 class=\"wp-block-heading\">La vitalit\u00e9 gr\u00e2ce \u00e0 la science<\/h3>\n\n\n\n<p>Les produits \u00e0 base de champignons vitaux Mykoplan\u00ae sont fabriqu\u00e9s de mani\u00e8re standardis\u00e9e selon des connaissances scientifiques et des processus strictement d\u00e9finis. Cela garantit une qualit\u00e9 et une densit\u00e9 d\u2019ingr\u00e9dients \u00e9lev\u00e9es et constantes. C\u2019est ce qui distingue nos pr\u00e9parations des autres produits agricoles disponibles sur le march\u00e9.<\/p>\n\n\n\n<p>Nous pensons \u00e9galement que la facilit\u00e9 et la s\u00e9curit\u00e9 d\u2019utilisation pour les humains et les animaux parlent en faveur des produits Mykoplan\u00ae \u00e0 base de champignons vitaux bio. Gr\u00e2ce \u00e0 leurs ingr\u00e9dients \u00e9quilibr\u00e9s, nos pr\u00e9parations bio scientifiquement standardis\u00e9es vous apportent un soutien optimal \u00e0 chaque \u00e9tape et situation de la vie.<\/p>\n\n\n\n<div class=\"wp-block-columns is-layout-flex wp-container-core-columns-is-layout-df1ba24e wp-block-columns-is-layout-flex\" style=\"padding-right:32px;padding-left:32px\">\n<div class=\"wp-block-column is-vertically-aligned-center is-layout-flow wp-block-column-is-layout-flow\" style=\"flex-basis:160px\"><div class=\"wp-block-image is-style-rounded\">\n<figure class=\"aligncenter size-full is-resized\"><img loading=\"lazy\" decoding=\"async\" width=\"192\" height=\"192\" src=\"https:\/\/www.mykoplan.ch\/wp-content\/uploads\/2018\/07\/dr-heinz-knopf.jpg\" alt=\"Dr. med. Heinz Knopf\" class=\"wp-image-518\" style=\"width:164px\" srcset=\"https:\/\/www.mykoplan.ch\/wp-content\/uploads\/2018\/07\/dr-heinz-knopf.jpg 192w, https:\/\/www.mykoplan.ch\/wp-content\/uploads\/2018\/07\/dr-heinz-knopf-150x150.jpg 150w, https:\/\/www.mykoplan.ch\/wp-content\/uploads\/2018\/07\/dr-heinz-knopf-100x100.jpg 100w\" sizes=\"auto, (max-width: 192px) 100vw, 192px\" \/><\/figure>\n<\/div><\/div>\n\n\n\n<div class=\"wp-block-column is-content-justification-left is-layout-constrained wp-container-core-column-is-layout-8c890d92 wp-block-column-is-layout-constrained\">\n<blockquote class=\"wp-block-quote is-layout-flow wp-block-quote-is-layout-flow\">\n<p>Apr\u00e8s quinze ans de travail intensif sur le th\u00e8me de la prophylaxie et de l\u2019utilisation globale et sans effets secondaires des champignons vitaux, je suis ravi de constater qu\u2019avec Mykoplan\u00ae, toutes les conditions th\u00e9rapeutiques souhait\u00e9es ont \u00e9t\u00e9 remplies en termes d\u2019origine g\u00e9ographique des champignons, de culture \u00e9cologique et contr\u00f4l\u00e9e ainsi que de traitement holistique.<\/p>\n<cite><strong>Dr. en m\u00e9decine Heinz Knopf <\/strong><\/cite><\/blockquote>\n<\/div>\n<\/div>\n\n\n\n<h3 class=\"wp-block-heading\">Culture de pointe<\/h3>\n\n\n\n<p>Une attention particuli\u00e8re est accord\u00e9e aux soins et \u00e0 la nutrition des champignons vitaux bio dans la culture moderne que nous avons choisie. De cette mani\u00e8re, nos champignons peuvent accumuler, au cours de leur vie, une multitude de composants qui sont conserv\u00e9s par les utilisateurs de nos pr\u00e9parations standardis\u00e9es de champignons vitaux bio.<\/p>\n\n\n\n<p>Les pr\u00e9parations mycologiques de Mykoplan\u00ae ont une teneur \u00e9lev\u00e9e en polysaccharides pr\u00e9cieux, <strong>de 22 \u00e0 33 % en moyenne, exactement comme un extrait.<\/strong> Et des certificats d\u2019analyse ind\u00e9pendants le prouvent\u2026 Plus de champignons par g\u00e9lule, c\u2019est impossible.<\/p>\n\n\n\n<p><strong>Mykoplan\u00ae garantit pour toutes les pr\u00e9parations une teneur maximale en \u00e9l\u00e9ments sp\u00e9cifiques aux champignons d\u2019au moins 97 \u00e0 99 pour cent de la biomasse cultiv\u00e9e.<\/strong> La proportion d\u2019enzymes actives est nettement sup\u00e9rieure dans nos produits bio scientifiquement standardis\u00e9s par rapport aux extraits traditionnels.<\/p>\n\n\n\n<p>Plus d\u2019informations ici dans la <a aria-label=\"GFVS Therapeuten-Newsletter &quot;Biomasse versus Extrakte&quot; (PDF) (opens in a new tab)\" href=\"https:\/\/www.mykoplan.ch\/wp-content\/uploads\/2019\/11\/BiomasseversusExtrakt.pdf\" target=\"_blank\" rel=\"noreferrer noopener\">lettre d\u2019information de GFVS \u00abBiomasse versus extraits\u00bb (PDF, 1MB)<\/a>.<\/p>\n\n\n\n<h3 class=\"wp-block-heading\">A New Generation of Mushrooms<br>We follow the science<\/h3>\n\n\n\n<p><strong>Tous nos champignons vitaux sont cultiv\u00e9s dans des chambres de culture fabriqu\u00e9es sur mesure. La m\u00e9thode de culture est une proc\u00e9dure sp\u00e9cialement standardis\u00e9e et bas\u00e9e sur la science.<\/strong><\/p>\n\n\n\n<p>Nous renon\u00e7ons d\u00e9lib\u00e9r\u00e9ment aux mati\u00e8res premi\u00e8res issues de l\u2019agriculture. Ces champignons peuvent contenir des toxines* environnementales telles que des pesticides, des herbicides ou d\u2019autres r\u00e9sidus pr\u00e9sents dans l\u2019air, l\u2019eau et le sol. C\u2019est pourquoi nous estimons qu\u2019ils ne sont pas adapt\u00e9s \u00e0 la mycoth\u00e9rapie.<\/p>\n\n\n\n<p>Avec nos champignons vitamin\u00e9s, vous avez la garantie que :<\/p>\n\n\n\n<p><strong>En contr\u00f4lant chaque aspect du cycle de croissance, nous offrons une qualit\u00e9 \u00e9lev\u00e9e constante et celle-ci est 100 % exempte de toxines environnementales.<\/strong><\/p>\n\n\n\n<p>Pour que votre mycoth\u00e9rapie soit une r\u00e9ussite<\/p>\n\n\n\n<p class=\"has-small-font-size\">*<a href=\"https:\/\/www.gfvs.ch\/wp-content\/uploads\/2019\/08\/China-Arsen.pdf\" target=\"_blank\" aria-label=\"International Journal of Medicinal Mushrooms, 17(6): 601\u2013605 (2015) Arsenic in Edible and Medicinal Mushrooms from Southwest China (Link zur Studie GFVS) (opens in a new tab)\" rel=\"noreferrer noopener\" class=\"rank-math-link\">International Journal of Medicinal Mushrooms, 17(6): 601\u2013605 (2015) Arsenic in Edible and Medicinal Mushrooms from Southwest China (Link zur Studie GFVS)<\/a><\/p>\n\n\n\n<h3 class=\"wp-block-heading\">Champignons vitaux certifi\u00e9s bio<\/h3>\n\n\n\n<p>Conform\u00e9ment aux principes de l\u2019agriculture biologique inscrits dans l\u2019ordonnance suisse sur l\u2019agriculture biologique, la culture que nous avons s\u00e9lectionn\u00e9e est <strong>exempte de pesticides et d\u2019engrais chimiques de synth\u00e8se.<\/strong><\/p>\n\n\n\n<p>Nos champignons sont \u00abnourris\u00bb avec du pr\u00e9cieux millet issu de l\u2019agriculture biologique contr\u00f4l\u00e9e, puis transform\u00e9s en champignons vitaux. Nous pr\u00e9servons ainsi des \u00e9cosyst\u00e8mes vivants et servons jour apr\u00e8s jour notre conception holistique de la sant\u00e9.<\/p>\n\n\n\n<h3 class=\"wp-block-heading\">Qualit\u00e9 en provenance d\u2019Am\u00e9rique du Nord, d\u2019Europe occidentale et de Suisse<\/h3>\n\n\n\n<p>Nos champignons vitaux sont <strong>cultiv\u00e9s en Am\u00e9rique du Nord et en Europe<\/strong> occidentale, o\u00f9 ils sont s\u00e9ch\u00e9s sit\u00f4t r\u00e9colt\u00e9s.<\/p>\n\n\n\n<p>Ils sont ensuite trait\u00e9s en Suisse afin d\u2019en pr\u00e9server la qualit\u00e9. C\u2019est ici que nous faisons conditionner les pr\u00e9cieux champignons vitaux dans nos g\u00e9lules par une entreprise familiale certifi\u00e9e bio, selon les normes de qualit\u00e9 suisses.<\/p>\n\n\n<div class=\"wp-block-image is-resized\">\n<figure class=\"alignright size-full\"><a href=\"https:\/\/www.mykoplan.ch\/wp-content\/uploads\/2019\/10\/qualitaetsfolder-web.pdf\" target=\"_blank\" rel=\"noreferrer noopener\"><img loading=\"lazy\" decoding=\"async\" width=\"800\" height=\"666\" src=\"https:\/\/www.mykoplan.ch\/wp-content\/uploads\/2019\/10\/mykoplan-qualitaetsfolder.jpg\" alt=\"Mykoplan Qualit\u00e4tsfolder\" class=\"wp-image-2281\" srcset=\"https:\/\/www.mykoplan.ch\/wp-content\/uploads\/2019\/10\/mykoplan-qualitaetsfolder.jpg 800w, https:\/\/www.mykoplan.ch\/wp-content\/uploads\/2019\/10\/mykoplan-qualitaetsfolder-300x250.jpg 300w, https:\/\/www.mykoplan.ch\/wp-content\/uploads\/2019\/10\/mykoplan-qualitaetsfolder-768x639.jpg 768w, https:\/\/www.mykoplan.ch\/wp-content\/uploads\/2019\/10\/mykoplan-qualitaetsfolder-480x400.jpg 480w, https:\/\/www.mykoplan.ch\/wp-content\/uploads\/2019\/10\/mykoplan-qualitaetsfolder-576x480.jpg 576w\" sizes=\"auto, (max-width: 800px) 100vw, 800px\" \/><\/a><figcaption class=\"wp-element-caption\"><a aria-label=\"Qualit\u00e4tsfolder herunterladen (PDF, 4MB) (opens in a new tab)\" href=\"https:\/\/www.mykoplan.ch\/wp-content\/uploads\/2019\/10\/qualitaetsfolder-web.pdf\" target=\"_blank\" rel=\"noreferrer noopener\">T\u00e9l\u00e9charger le d\u00e9pliant sur la qualit\u00e9 (PDF, 4MB)<\/a><\/figcaption><\/figure>\n<\/div>\n\n\n<p>Prot\u00e9g\u00e9es des rayons UV, les g\u00e9lules pr\u00eates \u00e0 l\u2019emploi sont pr\u00e9sent\u00e9es dans de jolis bocaux en verre de haute qualit\u00e9 ou dans des recharges pratiques.<\/p>\n\n\n\n<p><strong>Il ne nous suffisait pas d\u2019\u00eatre bons. Il s\u2019agissait d\u2019\u00eatre meilleur.<\/strong><\/p>\n\n\n\n<p>Lisez le d\u00e9pliant d\u2019information \u00abQualit\u00e9\u00bb pour savoir pourquoi nous avons opt\u00e9 pour la derni\u00e8re g\u00e9n\u00e9ration de champignons vitaux.<\/p>\n\n\n\n<div style=\"position:relative\"><div id=\"gruendung\" style=\"position:absolute;top:-60px\"><\/div><\/div>\n\n\n\n<h2 class=\"wp-block-heading\">La cr\u00e9ation<\/h2>\n\n\n\n<p><strong>Mykoplan\u00ae a \u00e9t\u00e9 cr\u00e9\u00e9 pour r\u00e9pondre \u00e0 des exigences \u00e9lev\u00e9es en mati\u00e8re de qualit\u00e9 et d\u2019utilisation mycologiques.<\/strong> Il s\u2019agit de s\u2019assurer que tous les ingr\u00e9dients souhait\u00e9s sont pr\u00e9sents en abondance et garantis de qualit\u00e9 biologique.<\/p>\n\n\n\n<p>Et c\u2019est ainsi qu\u2019est n\u00e9 le tout premier produit \u00e0 base de champignons vitaux, conditionn\u00e9, encapsul\u00e9 et emball\u00e9 exclusivement en Suisse.<\/p>\n\n\n\n<figure class=\"wp-block-image alignwide size-full\"><a href=\"https:\/\/www.mykoplan.ch\/wp-content\/uploads\/2019\/11\/teamfotos-mykoplan-web-min.jpg\"><img loading=\"lazy\" decoding=\"async\" width=\"1920\" height=\"1280\" src=\"https:\/\/www.mykoplan.ch\/wp-content\/uploads\/2019\/11\/teamfotos-mykoplan-web-min.jpg\" alt=\"\" class=\"wp-image-2514\" srcset=\"https:\/\/www.mykoplan.ch\/wp-content\/uploads\/2019\/11\/teamfotos-mykoplan-web-min.jpg 1920w, https:\/\/www.mykoplan.ch\/wp-content\/uploads\/2019\/11\/teamfotos-mykoplan-web-min-300x200.jpg 300w, https:\/\/www.mykoplan.ch\/wp-content\/uploads\/2019\/11\/teamfotos-mykoplan-web-min-768x512.jpg 768w, https:\/\/www.mykoplan.ch\/wp-content\/uploads\/2019\/11\/teamfotos-mykoplan-web-min-1024x683.jpg 1024w, https:\/\/www.mykoplan.ch\/wp-content\/uploads\/2019\/11\/teamfotos-mykoplan-web-min-1080x720.jpg 1080w, https:\/\/www.mykoplan.ch\/wp-content\/uploads\/2019\/11\/teamfotos-mykoplan-web-min-1280x853.jpg 1280w, https:\/\/www.mykoplan.ch\/wp-content\/uploads\/2019\/11\/teamfotos-mykoplan-web-min-980x653.jpg 980w, https:\/\/www.mykoplan.ch\/wp-content\/uploads\/2019\/11\/teamfotos-mykoplan-web-min-480x320.jpg 480w, https:\/\/www.mykoplan.ch\/wp-content\/uploads\/2019\/11\/teamfotos-mykoplan-web-min-576x384.jpg 576w\" sizes=\"auto, (max-width: 1920px) 100vw, 1920px\" \/><\/a><\/figure>\n\n\n\n<div style=\"height:30px\" aria-hidden=\"true\" class=\"wp-block-spacer\"><\/div>\n\n\n\n<h3 class=\"wp-block-heading\">Thomas Falzone<\/h3>\n\n\n\n<p>Thomas Falzone est th\u00e9rapeute en M\u00e9decine Traditionnelle Chinoise (MTC), expert en mycologie et fondateur de la Soci\u00e9t\u00e9 suisse pour la science des champignons vitaux GFVS. Le monde de l\u2019utilisation des champignons le fascine depuis de nombreuses ann\u00e9es.<\/p>\n\n\n\n<p><strong>En contact quotidien avec des patients, il sait \u00e0 quel point il est important d\u2019avoir confiance dans la qualit\u00e9 des pr\u00e9parations \u00e0 base de champignons vitaux.<\/strong> Il a donc d\u00e9cid\u00e9 de d\u00e9velopper lui-m\u00eame des produits pour une utilisation s\u00e9rieuse.<\/p>\n\n\n\n<h3 class=\"wp-block-heading\">Michiyo Falzone<\/h3>\n\n\n\n<p>Michiyo Falzone est responsable de la qualit\u00e9 des produits et de leur pr\u00e9sentation. Cette Japonaise a grandi avec le maitake, le shiitak\u00e9, l\u2019enoki et autres, car les champignons jouent un r\u00f4le important dans la culture japonaise. Pour elle, la consommation \u00e9tait donc une \u00e9vidence, elle appr\u00e9ciait les champignons parce qu\u2019ils sont tr\u00e8s sains, mais aussi pour leur go\u00fbt exceptionnel.<\/p>\n\n\n\n<p>Pour Michiyo Falzone, l\u2019\u00e9thique du produit, la qualit\u00e9 et l\u2019innovation sont particuli\u00e8rement importantes. Pour elle, il \u00e9tait donc clair d\u00e8s le d\u00e9part que <strong>la production de Mykoplan\u00ae devait \u00eatre \u00e9quitable et biologique.<\/strong><\/p>\n\n\n\n<div class=\"wp-block-columns is-layout-flex wp-container-core-columns-is-layout-df1ba24e wp-block-columns-is-layout-flex\" style=\"padding-right:32px;padding-left:32px\">\n<div class=\"wp-block-column is-vertically-aligned-center is-layout-flow wp-block-column-is-layout-flow\" style=\"flex-basis:160px\"><div class=\"wp-block-image is-style-rounded\">\n<figure class=\"aligncenter size-full is-resized\"><img loading=\"lazy\" decoding=\"async\" width=\"500\" height=\"500\" src=\"https:\/\/www.mykoplan.ch\/wp-content\/uploads\/2019\/11\/teamfoto-mitch-web-min.jpg\" alt=\"\" class=\"wp-image-2516\" style=\"width:164px\" srcset=\"https:\/\/www.mykoplan.ch\/wp-content\/uploads\/2019\/11\/teamfoto-mitch-web-min.jpg 500w, https:\/\/www.mykoplan.ch\/wp-content\/uploads\/2019\/11\/teamfoto-mitch-web-min-150x150.jpg 150w, https:\/\/www.mykoplan.ch\/wp-content\/uploads\/2019\/11\/teamfoto-mitch-web-min-300x300.jpg 300w, https:\/\/www.mykoplan.ch\/wp-content\/uploads\/2019\/11\/teamfoto-mitch-web-min-480x480.jpg 480w, https:\/\/www.mykoplan.ch\/wp-content\/uploads\/2019\/11\/teamfoto-mitch-web-min-354x354.jpg 354w, https:\/\/www.mykoplan.ch\/wp-content\/uploads\/2019\/11\/teamfoto-mitch-web-min-100x100.jpg 100w\" sizes=\"auto, (max-width: 500px) 100vw, 500px\" \/><\/figure>\n<\/div><\/div>\n\n\n\n<div class=\"wp-block-column is-content-justification-left is-layout-constrained wp-container-core-column-is-layout-8c890d92 wp-block-column-is-layout-constrained\">\n<blockquote class=\"wp-block-quote is-layout-flow wp-block-quote-is-layout-flow\">\n<p>Les champignons vitaux sont tr\u00e8s \u00e0 la mode. Mais que savons-nous r\u00e9ellement de ces organismes ? C\u2019est avec ces questions que nous nous sommes tourn\u00e9s vers des scientifiques du monde entier.<\/p>\n\n\n\n<p>Aujourd\u2019hui, comme le myc\u00e9lium sous nos pieds dans la terre, nous sommes bien connect\u00e9s avec eux. Testez nos produits ! Nous attendons avec impatience vos commentaires et vos questions. Et si nous n\u2019avons pas de r\u00e9ponse \u00e0 vos questions, nous nous renseignerons aupr\u00e8s de notre r\u00e9seau de champignons. Je m\u2019en r\u00e9jouis d\u2019avance.<\/p>\n<cite><strong>Michiyo Falzone<\/strong><br><a href=\"https:\/\/www.mykoplan.ch\/fr\/\">Propri\u00e9taire et directrice g\u00e9n\u00e9rale<\/a><\/cite><\/blockquote>\n<\/div>\n<\/div>\n\n\n\n<h3 class=\"wp-block-heading\">Eveline Falzone<\/h3>\n\n\n\n<p>Eveline Falzone est responsable du service client, de la comptabilit\u00e9 financi\u00e8re et salariale et du personnel. Elle a beaucoup contribu\u00e9 \u00e0 la cr\u00e9ation de l\u2019entreprise gr\u00e2ce \u00e0 ses bons contacts et \u00e0 ses diverses exp\u00e9riences dans le domaine commercial.<\/p>\n\n\n\n<p>Elle a d\u00e9couvert les champignons vitaux il y a de nombreuses ann\u00e9es et travaille depuis, utilisant ces produits naturels fascinants. Gr\u00e2ce \u00e0 son travail quotidien et \u00e0 sa participation r\u00e9guli\u00e8re aux s\u00e9minaires de la GFVS, elle a acquis un grand savoir.<\/p>\n\n\n\n<div class=\"wp-block-columns is-layout-flex wp-container-core-columns-is-layout-df1ba24e wp-block-columns-is-layout-flex\" style=\"padding-right:32px;padding-left:32px\">\n<div class=\"wp-block-column is-vertically-aligned-center is-layout-flow wp-block-column-is-layout-flow\" style=\"flex-basis:160px\"><div class=\"wp-block-image is-style-rounded\">\n<figure class=\"aligncenter size-full is-resized\"><img loading=\"lazy\" decoding=\"async\" width=\"500\" height=\"500\" src=\"https:\/\/www.mykoplan.ch\/wp-content\/uploads\/2019\/11\/Eveline-Falzone-web-min.jpg\" alt=\"\" class=\"wp-image-2533\" style=\"width:164px\" srcset=\"https:\/\/www.mykoplan.ch\/wp-content\/uploads\/2019\/11\/Eveline-Falzone-web-min.jpg 500w, https:\/\/www.mykoplan.ch\/wp-content\/uploads\/2019\/11\/Eveline-Falzone-web-min-150x150.jpg 150w, https:\/\/www.mykoplan.ch\/wp-content\/uploads\/2019\/11\/Eveline-Falzone-web-min-300x300.jpg 300w, https:\/\/www.mykoplan.ch\/wp-content\/uploads\/2019\/11\/Eveline-Falzone-web-min-480x480.jpg 480w, https:\/\/www.mykoplan.ch\/wp-content\/uploads\/2019\/11\/Eveline-Falzone-web-min-354x354.jpg 354w, https:\/\/www.mykoplan.ch\/wp-content\/uploads\/2019\/11\/Eveline-Falzone-web-min-100x100.jpg 100w\" sizes=\"auto, (max-width: 500px) 100vw, 500px\" \/><\/figure>\n<\/div><\/div>\n\n\n\n<div class=\"wp-block-column is-content-justification-left is-layout-constrained wp-container-core-column-is-layout-8c890d92 wp-block-column-is-layout-constrained\">\n<blockquote class=\"wp-block-quote is-layout-flow wp-block-quote-is-layout-flow\">\n<p>Mon travail est ma passion. Le contact personnel avec les clients est tr\u00e8s important pour moi. La satisfaction de nos clients et mes exp\u00e9riences me montrent le potentiel des champignons vitaux. Je suis satisfaite et reconnaissante de travailler avec un produit naturel aussi extraordinaire et d\u2019apprendre toujours quelque chose de nouveau et de passionnant.<\/p>\n<cite><strong>Eveline Falzone<\/strong><br><a href=\"https:\/\/www.mykoplan.ch\/fr\/\">Fond\u00e9e de pouvoir<\/a><\/cite><\/blockquote>\n<\/div>\n<\/div>\n\n\n\n<div style=\"position:relative\"><div id=\"team\" style=\"position:absolute;top:-60px\"><\/div><\/div>\n\n\n\n<h2 class=\"wp-block-heading\">L\u2019\u00e9quipe<\/h2>\n\n\n\n<h2 class=\"wp-block-heading\">Team<\/h2>\n\n\n\n<div class=\"wp-block-columns is-layout-flex wp-container-core-columns-is-layout-df1ba24e wp-block-columns-is-layout-flex\" style=\"padding-right:32px;padding-left:32px\">\n<div class=\"wp-block-column is-vertically-aligned-center is-layout-flow wp-block-column-is-layout-flow\" style=\"flex-basis:160px\"><div class=\"wp-block-image is-style-rounded\">\n<figure class=\"aligncenter size-full is-resized\"><img loading=\"lazy\" decoding=\"async\" width=\"800\" height=\"800\" src=\"https:\/\/www.mykoplan.ch\/wp-content\/uploads\/2021\/06\/mykoplan-team-Samuela-Schafer-web.jpg\" alt=\"\" class=\"wp-image-9022\" style=\"width:164px\" srcset=\"https:\/\/www.mykoplan.ch\/wp-content\/uploads\/2021\/06\/mykoplan-team-Samuela-Schafer-web.jpg 800w, https:\/\/www.mykoplan.ch\/wp-content\/uploads\/2021\/06\/mykoplan-team-Samuela-Schafer-web-500x500.jpg 500w, https:\/\/www.mykoplan.ch\/wp-content\/uploads\/2021\/06\/mykoplan-team-Samuela-Schafer-web-150x150.jpg 150w, https:\/\/www.mykoplan.ch\/wp-content\/uploads\/2021\/06\/mykoplan-team-Samuela-Schafer-web-768x768.jpg 768w, https:\/\/www.mykoplan.ch\/wp-content\/uploads\/2021\/06\/mykoplan-team-Samuela-Schafer-web-354x354.jpg 354w, https:\/\/www.mykoplan.ch\/wp-content\/uploads\/2021\/06\/mykoplan-team-Samuela-Schafer-web-576x576.jpg 576w, https:\/\/www.mykoplan.ch\/wp-content\/uploads\/2021\/06\/mykoplan-team-Samuela-Schafer-web-100x100.jpg 100w\" sizes=\"auto, (max-width: 800px) 100vw, 800px\" \/><\/figure>\n<\/div><\/div>\n\n\n\n<div class=\"wp-block-column is-content-justification-left is-layout-constrained wp-container-core-column-is-layout-8c890d92 wp-block-column-is-layout-constrained\">\n<blockquote class=\"wp-block-quote is-layout-flow wp-block-quote-is-layout-flow\">\n<p>Le plaisir que j\u2019\u00e9prouve dans mon travail est une affaire de c\u0153ur.<\/p>\n<cite><strong>Samuela Schafer<\/strong><br>Support client et administration<\/cite><\/blockquote>\n<\/div>\n<\/div>\n\n\n\n<div class=\"wp-block-columns is-layout-flex wp-container-core-columns-is-layout-df1ba24e wp-block-columns-is-layout-flex\" style=\"padding-right:32px;padding-left:32px\">\n<div class=\"wp-block-column is-vertically-aligned-center is-layout-flow wp-block-column-is-layout-flow\" style=\"flex-basis:160px\"><div class=\"wp-block-image is-style-rounded\">\n<figure class=\"aligncenter size-full is-resized\"><img loading=\"lazy\" decoding=\"async\" width=\"800\" height=\"800\" src=\"https:\/\/www.mykoplan.ch\/wp-content\/uploads\/2021\/06\/mykoplan-team-Sabine-Brunner-web.jpg\" alt=\"\" class=\"wp-image-9021\" style=\"width:164px\" srcset=\"https:\/\/www.mykoplan.ch\/wp-content\/uploads\/2021\/06\/mykoplan-team-Sabine-Brunner-web.jpg 800w, https:\/\/www.mykoplan.ch\/wp-content\/uploads\/2021\/06\/mykoplan-team-Sabine-Brunner-web-500x500.jpg 500w, https:\/\/www.mykoplan.ch\/wp-content\/uploads\/2021\/06\/mykoplan-team-Sabine-Brunner-web-150x150.jpg 150w, https:\/\/www.mykoplan.ch\/wp-content\/uploads\/2021\/06\/mykoplan-team-Sabine-Brunner-web-768x768.jpg 768w, https:\/\/www.mykoplan.ch\/wp-content\/uploads\/2021\/06\/mykoplan-team-Sabine-Brunner-web-354x354.jpg 354w, https:\/\/www.mykoplan.ch\/wp-content\/uploads\/2021\/06\/mykoplan-team-Sabine-Brunner-web-576x576.jpg 576w, https:\/\/www.mykoplan.ch\/wp-content\/uploads\/2021\/06\/mykoplan-team-Sabine-Brunner-web-100x100.jpg 100w\" sizes=\"auto, (max-width: 800px) 100vw, 800px\" \/><\/figure>\n<\/div><\/div>\n\n\n\n<div class=\"wp-block-column is-content-justification-left is-layout-constrained wp-container-core-column-is-layout-8c890d92 wp-block-column-is-layout-constrained\">\n<blockquote class=\"wp-block-quote is-layout-flow wp-block-quote-is-layout-flow\">\n<p>Ce que j\u2019aime : d\u00e9couvrir de nouvelles choses, explorer la nature, \u00e9changer avec mes semblables et faire des rencontres pleines d\u2019humour.<\/p>\n<cite><strong>Sabine Brunner<\/strong><br>Support client et administration<\/cite><\/blockquote>\n<\/div>\n<\/div>\n\n\n\n<div class=\"wp-block-columns is-layout-flex wp-container-core-columns-is-layout-df1ba24e wp-block-columns-is-layout-flex\" style=\"padding-right:32px;padding-left:32px\">\n<div class=\"wp-block-column is-vertically-aligned-center is-layout-flow wp-block-column-is-layout-flow\" style=\"flex-basis:160px\"><div class=\"wp-block-image is-style-rounded\">\n<figure class=\"aligncenter size-full is-resized\"><img loading=\"lazy\" decoding=\"async\" width=\"500\" height=\"500\" src=\"https:\/\/www.mykoplan.ch\/wp-content\/uploads\/2024\/03\/Silvia-Kellenberger-web.jpeg\" alt=\"\" class=\"wp-image-23830\" style=\"width:164px\" srcset=\"https:\/\/www.mykoplan.ch\/wp-content\/uploads\/2024\/03\/Silvia-Kellenberger-web.jpeg 500w, https:\/\/www.mykoplan.ch\/wp-content\/uploads\/2024\/03\/Silvia-Kellenberger-web-150x150.jpeg 150w, https:\/\/www.mykoplan.ch\/wp-content\/uploads\/2024\/03\/Silvia-Kellenberger-web-354x354.jpeg 354w, https:\/\/www.mykoplan.ch\/wp-content\/uploads\/2024\/03\/Silvia-Kellenberger-web-100x100.jpeg 100w\" sizes=\"auto, (max-width: 500px) 100vw, 500px\" \/><\/figure>\n<\/div><\/div>\n\n\n\n<div class=\"wp-block-column is-content-justification-left is-layout-constrained wp-container-core-column-is-layout-8c890d92 wp-block-column-is-layout-constrained\">\n<blockquote class=\"wp-block-quote is-layout-flow wp-block-quote-is-layout-flow\">\n<p>J\u2019ai beaucoup de plaisir \u00e0 travailler avec des produits naturels extraordinaires et \u00e0 savoir qu\u2019ils font du bien aux gens et aux animaux.<\/p>\n<cite><strong>Silvia Kellenberger<\/strong><br>Support client et administration<\/cite><\/blockquote>\n<\/div>\n<\/div>\n\n\n\n<div class=\"wp-block-columns is-layout-flex wp-container-core-columns-is-layout-df1ba24e wp-block-columns-is-layout-flex\" style=\"padding-right:32px;padding-left:32px\">\n<div class=\"wp-block-column is-vertically-aligned-center is-layout-flow wp-block-column-is-layout-flow\" style=\"flex-basis:160px\"><div class=\"wp-block-image is-style-rounded\">\n<figure class=\"aligncenter size-full is-resized\"><img loading=\"lazy\" decoding=\"async\" width=\"299\" height=\"299\" src=\"https:\/\/www.mykoplan.ch\/wp-content\/uploads\/2024\/03\/Tembi-Hauser-web.jpg\" alt=\"\" class=\"wp-image-23965\" style=\"width:164px\" srcset=\"https:\/\/www.mykoplan.ch\/wp-content\/uploads\/2024\/03\/Tembi-Hauser-web.jpg 299w, https:\/\/www.mykoplan.ch\/wp-content\/uploads\/2024\/03\/Tembi-Hauser-web-150x150.jpg 150w, https:\/\/www.mykoplan.ch\/wp-content\/uploads\/2024\/03\/Tembi-Hauser-web-100x100.jpg 100w\" sizes=\"auto, (max-width: 299px) 100vw, 299px\" \/><\/figure>\n<\/div><\/div>\n\n\n\n<div class=\"wp-block-column is-content-justification-left is-layout-constrained wp-container-core-column-is-layout-8c890d92 wp-block-column-is-layout-constrained\">\n<blockquote class=\"wp-block-quote is-layout-flow wp-block-quote-is-layout-flow\">\n<p>La nature est pour moi une source de joie et d\u2019inspiration. Je suis particuli\u00e8rement fascin\u00e9e par la diversit\u00e9 des champignons et j\u2019aime en approfondir constamment la compr\u00e9hension. J\u2019appr\u00e9cie beaucoup de faire partie d\u2019une \u00e9quipe formidable chez Mykoplan\u00ae et d\u2019avoir la possibilit\u00e9 de travailler avec des produits naturels de grande qualit\u00e9.<\/p>\n<cite><strong>Tembi Hauser<\/strong><br>Support client et administration<\/cite><\/blockquote>\n<\/div>\n<\/div>\n\n\n\n<div class=\"wp-block-columns is-layout-flex wp-container-core-columns-is-layout-df1ba24e wp-block-columns-is-layout-flex\" style=\"padding-right:32px;padding-left:32px\">\n<div class=\"wp-block-column is-vertically-aligned-center is-layout-flow wp-block-column-is-layout-flow\" style=\"flex-basis:160px\"><div class=\"wp-block-image is-style-rounded\">\n<figure class=\"aligncenter size-full is-resized\"><img loading=\"lazy\" decoding=\"async\" width=\"500\" height=\"500\" src=\"https:\/\/www.mykoplan.ch\/wp-content\/uploads\/2026\/03\/Christine-Traversa-web.jpg\" alt=\"\" class=\"wp-image-39574\" style=\"width:164px\" srcset=\"https:\/\/www.mykoplan.ch\/wp-content\/uploads\/2026\/03\/Christine-Traversa-web.jpg 500w, https:\/\/www.mykoplan.ch\/wp-content\/uploads\/2026\/03\/Christine-Traversa-web-150x150.jpg 150w, https:\/\/www.mykoplan.ch\/wp-content\/uploads\/2026\/03\/Christine-Traversa-web-354x354.jpg 354w, https:\/\/www.mykoplan.ch\/wp-content\/uploads\/2026\/03\/Christine-Traversa-web-100x100.jpg 100w\" sizes=\"auto, (max-width: 500px) 100vw, 500px\" \/><\/figure>\n<\/div><\/div>\n\n\n\n<div class=\"wp-block-column is-content-justification-left is-layout-constrained wp-container-core-column-is-layout-8c890d92 wp-block-column-is-layout-constrained\">\n<blockquote class=\"wp-block-quote is-layout-flow wp-block-quote-is-layout-flow\">\n<p>Ce que j&rsquo;appr\u00e9cie particuli\u00e8rement dans mon travail chez Mykoplan, ce sont les pr\u00e9cieux produits naturels qui sont b\u00e9n\u00e9fiques pour les humains et les animaux. C&rsquo;est pourquoi je trouve mon travail enrichissant et porteur de sens.<\/p>\n<cite><strong>Christine Traversa<\/strong><br>Support client et administration<\/cite><\/blockquote>\n<\/div>\n<\/div>\n\n\n\n<div class=\"wp-block-columns is-layout-flex wp-container-core-columns-is-layout-df1ba24e wp-block-columns-is-layout-flex\" style=\"padding-right:32px;padding-left:32px\">\n<div class=\"wp-block-column is-vertically-aligned-center is-layout-flow wp-block-column-is-layout-flow\" style=\"flex-basis:160px\"><div class=\"wp-block-image is-style-rounded\">\n<figure class=\"aligncenter size-full is-resized\"><img loading=\"lazy\" decoding=\"async\" width=\"500\" height=\"500\" src=\"https:\/\/www.mykoplan.ch\/wp-content\/uploads\/2024\/03\/Gerda-Bieber-web.jpg\" alt=\"\" class=\"wp-image-23829\" style=\"width:164px\" srcset=\"https:\/\/www.mykoplan.ch\/wp-content\/uploads\/2024\/03\/Gerda-Bieber-web.jpg 500w, https:\/\/www.mykoplan.ch\/wp-content\/uploads\/2024\/03\/Gerda-Bieber-web-150x150.jpg 150w, https:\/\/www.mykoplan.ch\/wp-content\/uploads\/2024\/03\/Gerda-Bieber-web-354x354.jpg 354w, https:\/\/www.mykoplan.ch\/wp-content\/uploads\/2024\/03\/Gerda-Bieber-web-100x100.jpg 100w\" sizes=\"auto, (max-width: 500px) 100vw, 500px\" \/><\/figure>\n<\/div><\/div>\n\n\n\n<div class=\"wp-block-column is-content-justification-left is-layout-constrained wp-container-core-column-is-layout-8c890d92 wp-block-column-is-layout-constrained\">\n<blockquote class=\"wp-block-quote is-layout-flow wp-block-quote-is-layout-flow\">\n<p>Je me r\u00e9jouis toujours de pouvoir envoyer les produits de haute qualit\u00e9 de Mykoplan\u00ae en voyage dans toutes les r\u00e9gions de Suisse. Apr\u00e8s des dizaines d\u2019ann\u00e9es de travail intellectuel, c\u2019est un plaisir pour moi d\u2019emballer soigneusement les produits de champignons vitaux \u00e0 la main, en souhaitant qu\u2019ils apportent aux destinataires bien-\u00eatre, soulagement des douleurs et maintien de leur sant\u00e9, et m\u00eame\u2026 gu\u00e9rison !<\/p>\n<cite><strong>Gerda Bieber<\/strong><br>Logistique et exp\u00e9dition<\/cite><\/blockquote>\n<\/div>\n<\/div>\n\n\n\n<div class=\"wp-block-columns is-layout-flex wp-container-core-columns-is-layout-df1ba24e wp-block-columns-is-layout-flex\" style=\"padding-right:32px;padding-left:32px\">\n<div class=\"wp-block-column is-vertically-aligned-center is-layout-flow wp-block-column-is-layout-flow\" style=\"flex-basis:160px\"><div class=\"wp-block-image is-style-rounded\">\n<figure class=\"aligncenter size-full is-resized\"><img loading=\"lazy\" decoding=\"async\" width=\"500\" height=\"500\" src=\"https:\/\/www.mykoplan.ch\/wp-content\/uploads\/2024\/02\/Manuela-Langmeier-web.jpg\" alt=\"\" class=\"wp-image-23769\" style=\"width:164px\" srcset=\"https:\/\/www.mykoplan.ch\/wp-content\/uploads\/2024\/02\/Manuela-Langmeier-web.jpg 500w, https:\/\/www.mykoplan.ch\/wp-content\/uploads\/2024\/02\/Manuela-Langmeier-web-150x150.jpg 150w, https:\/\/www.mykoplan.ch\/wp-content\/uploads\/2024\/02\/Manuela-Langmeier-web-354x354.jpg 354w, https:\/\/www.mykoplan.ch\/wp-content\/uploads\/2024\/02\/Manuela-Langmeier-web-100x100.jpg 100w\" sizes=\"auto, (max-width: 500px) 100vw, 500px\" \/><\/figure>\n<\/div><\/div>\n\n\n\n<div class=\"wp-block-column is-content-justification-left is-layout-constrained wp-container-core-column-is-layout-8c890d92 wp-block-column-is-layout-constrained\">\n<blockquote class=\"wp-block-quote is-layout-flow wp-block-quote-is-layout-flow\">\n<p>Cela fait bient\u00f4t trois ans que j\u2019ai le plaisir de travailler chez Mykoplan\u00ae. Je travaille dans l\u2019exp\u00e9dition et je trouve cela tr\u00e8s vari\u00e9. J\u2019utilise moi-m\u00eame les produits avec conviction et enthousiasme. Je suis d\u2019autant plus heureuse de faire partie de cette \u00e9quipe formidable.<\/p>\n<cite><strong>Manuela Langmeier<\/strong><br>Logistique et exp\u00e9dition<\/cite><\/blockquote>\n<\/div>\n<\/div>\n\n\n\n<div class=\"wp-block-columns is-layout-flex wp-container-core-columns-is-layout-df1ba24e wp-block-columns-is-layout-flex\" style=\"padding-right:32px;padding-left:32px\">\n<div class=\"wp-block-column is-vertically-aligned-center is-layout-flow wp-block-column-is-layout-flow\" style=\"flex-basis:160px\"><div class=\"wp-block-image is-style-rounded\">\n<figure class=\"aligncenter size-full is-resized\"><img loading=\"lazy\" decoding=\"async\" width=\"512\" height=\"512\" src=\"https:\/\/www.mykoplan.ch\/wp-content\/uploads\/2022\/03\/cropped-Logo_Mykoplan_signet-web.png\" alt=\"\" class=\"wp-image-12345\" style=\"width:164px\" srcset=\"https:\/\/www.mykoplan.ch\/wp-content\/uploads\/2022\/03\/cropped-Logo_Mykoplan_signet-web.png 512w, https:\/\/www.mykoplan.ch\/wp-content\/uploads\/2022\/03\/cropped-Logo_Mykoplan_signet-web-500x500.png 500w, https:\/\/www.mykoplan.ch\/wp-content\/uploads\/2022\/03\/cropped-Logo_Mykoplan_signet-web-150x150.png 150w, https:\/\/www.mykoplan.ch\/wp-content\/uploads\/2022\/03\/cropped-Logo_Mykoplan_signet-web-354x354.png 354w, https:\/\/www.mykoplan.ch\/wp-content\/uploads\/2022\/03\/cropped-Logo_Mykoplan_signet-web-100x100.png 100w, https:\/\/www.mykoplan.ch\/wp-content\/uploads\/2022\/03\/cropped-Logo_Mykoplan_signet-web-270x270.png 270w, https:\/\/www.mykoplan.ch\/wp-content\/uploads\/2022\/03\/cropped-Logo_Mykoplan_signet-web-192x192.png 192w, https:\/\/www.mykoplan.ch\/wp-content\/uploads\/2022\/03\/cropped-Logo_Mykoplan_signet-web-180x180.png 180w, https:\/\/www.mykoplan.ch\/wp-content\/uploads\/2022\/03\/cropped-Logo_Mykoplan_signet-web-32x32.png 32w\" sizes=\"auto, (max-width: 512px) 100vw, 512px\" \/><\/figure>\n<\/div><\/div>\n\n\n\n<div class=\"wp-block-column is-content-justification-left is-layout-constrained wp-container-core-column-is-layout-8c890d92 wp-block-column-is-layout-constrained\">\n<blockquote class=\"wp-block-quote is-layout-flow wp-block-quote-is-layout-flow\">\n<p>Lorsque les clients ouvrent nos colis, ils re\u00e7oivent les meilleurs produits. Je suis tr\u00e8s heureuse de cela.<\/p>\n<cite><strong>P.R.<br><\/strong>Logistique et exp\u00e9dition<\/cite><\/blockquote>\n<\/div>\n<\/div>\n\n\n\n<div class=\"wp-block-columns is-layout-flex wp-container-core-columns-is-layout-df1ba24e wp-block-columns-is-layout-flex\" style=\"padding-right:32px;padding-left:32px\">\n<div class=\"wp-block-column is-vertically-aligned-center is-layout-flow wp-block-column-is-layout-flow\" style=\"flex-basis:160px\"><div class=\"wp-block-image is-style-rounded\">\n<figure class=\"aligncenter size-full is-resized\"><img loading=\"lazy\" decoding=\"async\" width=\"134\" height=\"134\" src=\"https:\/\/www.mykoplan.ch\/wp-content\/uploads\/2024\/02\/Foto-M.S.png\" alt=\"\" class=\"wp-image-23591\" style=\"width:164px\" srcset=\"https:\/\/www.mykoplan.ch\/wp-content\/uploads\/2024\/02\/Foto-M.S.png 134w, https:\/\/www.mykoplan.ch\/wp-content\/uploads\/2024\/02\/Foto-M.S-100x100.png 100w\" sizes=\"auto, (max-width: 134px) 100vw, 134px\" \/><\/figure>\n<\/div><\/div>\n\n\n\n<div class=\"wp-block-column is-content-justification-left is-layout-constrained wp-container-core-column-is-layout-8c890d92 wp-block-column-is-layout-constrained\">\n<blockquote class=\"wp-block-quote is-layout-flow wp-block-quote-is-layout-flow\">\n<p>\u201eArs longa, vita brevis\u201c<br>J\u2019aime le son, la verdure, les \u00eeles, la mer et bien s\u00fbr Mykoplan\u00ae.<\/p>\n<cite><strong>M. Siegfried<br><\/strong>Logistique et exp\u00e9dition<\/cite><\/blockquote>\n<\/div>\n<\/div>\n\n\n\n<div style=\"position:relative\"><div id=\"zertifikate\" style=\"position:absolute;top:-60px\"><\/div><\/div>\n\n\n\n<h2 class=\"wp-block-heading\">Certificats<\/h2>\n\n\n\n<p><strong>Pour tenir notre promesse de qualit\u00e9 \u00e9lev\u00e9e, nous travaillons avec les partenaires certifi\u00e9s et les organismes de contr\u00f4le suivants :<\/strong><\/p>\n\n\n\n<div style=\"height:30px\" aria-hidden=\"true\" class=\"wp-block-spacer\"><\/div>\n\n\n\n<div class=\"wp-block-columns has-2-columns is-layout-flex wp-container-core-columns-is-layout-9d6595d7 wp-block-columns-is-layout-flex\">\n<div class=\"wp-block-column is-layout-flow wp-block-column-is-layout-flow\">\n<figure class=\"wp-block-image size-medium is-resized my-resized-left\"><img loading=\"lazy\" decoding=\"async\" width=\"500\" height=\"500\" src=\"https:\/\/www.mykoplan.ch\/wp-content\/uploads\/2022\/09\/66758f2e40fc9de0c149a99869d3b8f7_ZM_bio-inspectaZusatz_rgb-500x500.jpg\" alt=\"\" class=\"wp-image-14956\" style=\"width:200px\" srcset=\"https:\/\/www.mykoplan.ch\/wp-content\/uploads\/2022\/09\/66758f2e40fc9de0c149a99869d3b8f7_ZM_bio-inspectaZusatz_rgb-500x500.jpg 500w, https:\/\/www.mykoplan.ch\/wp-content\/uploads\/2022\/09\/66758f2e40fc9de0c149a99869d3b8f7_ZM_bio-inspectaZusatz_rgb-1000x1000.jpg 1000w, https:\/\/www.mykoplan.ch\/wp-content\/uploads\/2022\/09\/66758f2e40fc9de0c149a99869d3b8f7_ZM_bio-inspectaZusatz_rgb-150x150.jpg 150w, https:\/\/www.mykoplan.ch\/wp-content\/uploads\/2022\/09\/66758f2e40fc9de0c149a99869d3b8f7_ZM_bio-inspectaZusatz_rgb-768x768.jpg 768w, https:\/\/www.mykoplan.ch\/wp-content\/uploads\/2022\/09\/66758f2e40fc9de0c149a99869d3b8f7_ZM_bio-inspectaZusatz_rgb-1536x1536.jpg 1536w, https:\/\/www.mykoplan.ch\/wp-content\/uploads\/2022\/09\/66758f2e40fc9de0c149a99869d3b8f7_ZM_bio-inspectaZusatz_rgb-354x354.jpg 354w, https:\/\/www.mykoplan.ch\/wp-content\/uploads\/2022\/09\/66758f2e40fc9de0c149a99869d3b8f7_ZM_bio-inspectaZusatz_rgb-576x576.jpg 576w, https:\/\/www.mykoplan.ch\/wp-content\/uploads\/2022\/09\/66758f2e40fc9de0c149a99869d3b8f7_ZM_bio-inspectaZusatz_rgb-100x100.jpg 100w, https:\/\/www.mykoplan.ch\/wp-content\/uploads\/2022\/09\/66758f2e40fc9de0c149a99869d3b8f7_ZM_bio-inspectaZusatz_rgb.jpg 2000w\" sizes=\"auto, (max-width: 500px) 100vw, 500px\" \/><\/figure>\n\n\n\n<h4 class=\"wp-block-heading\">Bio Inspecta<\/h4>\n\n\n\n<p>Nos produits ont \u00e9t\u00e9 contr\u00f4l\u00e9s et certifi\u00e9s par les directives strictes de Bio Inspecta. Cela permet de v\u00e9rifier la tr\u00e8s haute qualit\u00e9 et la puret\u00e9 de nos produits.<\/p>\n\n\n\n<p><a href=\"https:\/\/www.bio-inspecta.ch\/\" target=\"_blank\" rel=\"noreferrer noopener\" aria-label=\"www.bio-inspecta.ch (opens in a new tab)\">www.bio-inspecta.ch<\/a><\/p>\n<\/div>\n\n\n\n<div class=\"wp-block-column is-layout-flow wp-block-column-is-layout-flow\">\n<figure class=\"wp-block-image\"><img decoding=\"async\" src=\"https:\/\/www.mykoplan.ch\/wp-content\/uploads\/2019\/03\/logo-eubiologo.png\" alt=\"EU- Bio Lebensmittel\" class=\"wp-image-1256\"\/><\/figure>\n\n\n\n<h4 class=\"wp-block-heading\">EU-Bio-Lebensmittel<\/h4>\n\n\n\n<p>Label de qualit\u00e9 national de la Commission europ\u00e9enne pour les aliments issus de l\u2019agriculture biologique provenant de pays tiers.<\/p>\n\n\n\n<p><a href=\"https:\/\/ec.europa.eu\/\" target=\"_blank\" rel=\"noreferrer noopener\" aria-label=\"www.ec.europa.eu (opens in a new tab)\">www.ec.europa.eu<\/a><\/p>\n<\/div>\n<\/div>\n\n\n\n<div class=\"wp-block-columns has-2-columns is-layout-flex wp-container-core-columns-is-layout-9d6595d7 wp-block-columns-is-layout-flex\">\n<div class=\"wp-block-column is-layout-flow wp-block-column-is-layout-flow\">\n<figure class=\"wp-block-image\"><img loading=\"lazy\" decoding=\"async\" width=\"200\" height=\"200\" src=\"https:\/\/www.mykoplan.ch\/wp-content\/uploads\/2018\/07\/logo-usda.jpg\" alt=\"USDA\" class=\"wp-image-350\" srcset=\"https:\/\/www.mykoplan.ch\/wp-content\/uploads\/2018\/07\/logo-usda.jpg 200w, https:\/\/www.mykoplan.ch\/wp-content\/uploads\/2018\/07\/logo-usda-150x150.jpg 150w, https:\/\/www.mykoplan.ch\/wp-content\/uploads\/2018\/07\/logo-usda-100x100.jpg 100w\" sizes=\"auto, (max-width: 200px) 100vw, 200px\" \/><\/figure>\n\n\n\n<h4 class=\"wp-block-heading\">USDA<\/h4>\n\n\n\n<p>Nos produits sont soumis au contr\u00f4le strict de l\u2019Agence am\u00e9ricaine pour la culture biologique des champignons. Ils sont soumis \u00e0 des contr\u00f4les stricts de qualit\u00e9 et de puret\u00e9. Cela vous garantit un produit de champignons vitaux de haute qualit\u00e9 biologique.<\/p>\n\n\n\n<p><a rel=\"noreferrer noopener\" aria-label=\"www.usda.gov (opens in a new tab)\" class=\"rank-math-link\" href=\"https:\/\/www.usda.gov\/\" target=\"_blank\">www.usda.gov<\/a><\/p>\n<\/div>\n\n\n\n<div class=\"wp-block-column is-layout-flow wp-block-column-is-layout-flow\">\n<figure class=\"wp-block-image\"><img loading=\"lazy\" decoding=\"async\" width=\"200\" height=\"200\" src=\"https:\/\/www.mykoplan.ch\/wp-content\/uploads\/2019\/03\/logo-verified-ingredients.png\" alt=\"\" class=\"wp-image-1253\" srcset=\"https:\/\/www.mykoplan.ch\/wp-content\/uploads\/2019\/03\/logo-verified-ingredients.png 200w, https:\/\/www.mykoplan.ch\/wp-content\/uploads\/2019\/03\/logo-verified-ingredients-150x150.png 150w, https:\/\/www.mykoplan.ch\/wp-content\/uploads\/2019\/03\/logo-verified-ingredients-100x100.png 100w\" sizes=\"auto, (max-width: 200px) 100vw, 200px\" \/><\/figure>\n\n\n\n<h4 class=\"wp-block-heading\">Verified Ingredients<\/h4>\n\n\n\n<p>Verified Ingredients est une organisation ind\u00e9pendante qui contr\u00f4le les produits en ligne et garantit aux clients qu\u2019il s\u2019agit de produits de qualit\u00e9. Notre mati\u00e8re premi\u00e8re en provenance d\u2019Am\u00e9rique du Nord a \u00e9t\u00e9 contr\u00f4l\u00e9e et certifi\u00e9e par Verified Ingredients. Ces ingr\u00e9dients ont \u00e9t\u00e9 v\u00e9rifi\u00e9s sur la base <a aria-label=\"diese Inhaltsstoffe (opens in a new tab)\" href=\"https:\/\/www.deadiversion.usdoj.gov\/schedules\/orangebook\/c_cs_alpha.pdf\" target=\"_blank\" rel=\"noreferrer noopener\">d\u2019une liste<\/a>.<\/p>\n\n\n\n<p><a href=\"https:\/\/www.verifiedingredients.com\/\" target=\"_blank\" rel=\"noreferrer noopener\" aria-label=\"www.verifiedingredients.com (opens in a new tab)\">www.verifiedingredients.com<\/a><\/p>\n<\/div>\n<\/div>\n\n\n\n<div class=\"wp-block-columns has-2-columns is-layout-flex wp-container-core-columns-is-layout-9d6595d7 wp-block-columns-is-layout-flex\">\n<div class=\"wp-block-column is-layout-flow wp-block-column-is-layout-flow\">\n<figure class=\"wp-block-image\"><img decoding=\"async\" src=\"https:\/\/www.mykoplan.ch\/wp-content\/uploads\/2019\/11\/label-bioverfuegbarkeit-web-min.jpg\" alt=\"\" class=\"wp-image-2523\"\/><\/figure>\n\n\n\n<p>Les produits Mykoplan\u00ae sont fabriqu\u00e9s avec soin et amour, selon les derni\u00e8res connaissances scientifiques, en respectant la nature et la qualit\u00e9 biologique la plus pure. Le processus de culture scientifiquement standardis\u00e9 permet d\u2019atteindre une biodisponibilit\u00e9 et une bioactivit\u00e9 tr\u00e8s \u00e9lev\u00e9es. Des \u00e9tudes ind\u00e9pendantes le prouvent de mani\u00e8re impressionnante. Plus de bioactivit\u00e9 dans une g\u00e9lule que cela, c\u2019est impossible !<\/p>\n<\/div>\n\n\n\n<div class=\"wp-block-column is-layout-flow wp-block-column-is-layout-flow\">\n<div style=\"height:82px\" aria-hidden=\"true\" class=\"wp-block-spacer\"><\/div>\n\n\n\n<figure class=\"wp-block-image size-large\"><img loading=\"lazy\" decoding=\"async\" width=\"1200\" height=\"336\" src=\"https:\/\/www.mykoplan.ch\/wp-content\/uploads\/2021\/02\/we-follow-the-science-logo-1200x336.jpg\" alt=\"\" class=\"wp-image-7619\" srcset=\"https:\/\/www.mykoplan.ch\/wp-content\/uploads\/2021\/02\/we-follow-the-science-logo-1200x336.jpg 1200w, https:\/\/www.mykoplan.ch\/wp-content\/uploads\/2021\/02\/we-follow-the-science-logo-500x140.jpg 500w, https:\/\/www.mykoplan.ch\/wp-content\/uploads\/2021\/02\/we-follow-the-science-logo-768x215.jpg 768w, https:\/\/www.mykoplan.ch\/wp-content\/uploads\/2021\/02\/we-follow-the-science-logo-1536x430.jpg 1536w, https:\/\/www.mykoplan.ch\/wp-content\/uploads\/2021\/02\/we-follow-the-science-logo-576x161.jpg 576w, https:\/\/www.mykoplan.ch\/wp-content\/uploads\/2021\/02\/we-follow-the-science-logo.jpg 1783w\" sizes=\"auto, (max-width: 1200px) 100vw, 1200px\" \/><\/figure>\n\n\n\n<div style=\"height:97px\" aria-hidden=\"true\" class=\"wp-block-spacer\"><\/div>\n\n\n\n<h4 class=\"wp-block-heading\">We follow the science<\/h4>\n\n\n\n<p>Tous nos champignons vitaux sont cultiv\u00e9s dans des chambres de culture fabriqu\u00e9es sur mesure. La m\u00e9thode de culture est une proc\u00e9dure sp\u00e9cialement standardis\u00e9e et bas\u00e9e sur la science.<\/p>\n<\/div>\n<\/div>\n\n\n\n<div class=\"wp-block-columns has-2-columns is-layout-flex wp-container-core-columns-is-layout-9d6595d7 wp-block-columns-is-layout-flex\">\n<div class=\"wp-block-column is-layout-flow wp-block-column-is-layout-flow\">\n<figure class=\"wp-block-image size-full is-resized\"><img loading=\"lazy\" decoding=\"async\" width=\"329\" height=\"325\" src=\"https:\/\/www.mykoplan.ch\/wp-content\/uploads\/2021\/11\/kosher-orthodox-union-e1635840262460.jpg\" alt=\"\" class=\"wp-image-10652\" style=\"width:200px\" srcset=\"https:\/\/www.mykoplan.ch\/wp-content\/uploads\/2021\/11\/kosher-orthodox-union-e1635840262460.jpg 329w, https:\/\/www.mykoplan.ch\/wp-content\/uploads\/2021\/11\/kosher-orthodox-union-e1635840262460-100x100.jpg 100w\" sizes=\"auto, (max-width: 329px) 100vw, 329px\" \/><\/figure>\n\n\n\n<h4 class=\"wp-block-heading\">OU Kosher<\/h4>\n\n\n\n<p>La certification Kasher atteste de la puret\u00e9 sp\u00e9cifique exig\u00e9e par la Halakha, conform\u00e9ment aux normes reconnues dans le monde entier. L\u2019origine de nos mati\u00e8res premi\u00e8res peut \u00eatre suivie et trac\u00e9e dans les moindres d\u00e9tails dans le cadre d\u2019une certification Kasher. Ainsi, le symbole Kasher sur un emballage confirme que les adeptes de la religion juive peuvent consommer ce produit en toute s\u00e9curit\u00e9.<\/p>\n\n\n\n<p><a href=\"https:\/\/www.oukosher.org\/\" target=\"_blank\" rel=\"noreferrer noopener\">www.oukosher.org<\/a><\/p>\n<\/div>\n\n\n\n<div class=\"wp-block-column is-layout-flow wp-block-column-is-layout-flow\">\n<figure class=\"wp-block-image size-full\"><img loading=\"lazy\" decoding=\"async\" width=\"198\" height=\"198\" src=\"https:\/\/www.mykoplan.ch\/wp-content\/uploads\/2021\/11\/isahalal-e1635840235758.jpg\" alt=\"\" class=\"wp-image-10653\" srcset=\"https:\/\/www.mykoplan.ch\/wp-content\/uploads\/2021\/11\/isahalal-e1635840235758.jpg 198w, https:\/\/www.mykoplan.ch\/wp-content\/uploads\/2021\/11\/isahalal-e1635840235758-150x150.jpg 150w, https:\/\/www.mykoplan.ch\/wp-content\/uploads\/2021\/11\/isahalal-e1635840235758-100x100.jpg 100w\" sizes=\"auto, (max-width: 198px) 100vw, 198px\" \/><\/figure>\n\n\n\n<h4 class=\"wp-block-heading\">Islamic Services of America (ISA) Halal Certification<\/h4>\n\n\n\n<p>La certification Halal atteste de la qualit\u00e9 exig\u00e9e par les directives de la communaut\u00e9 religieuse islamique et les normes reconnues. L\u2019origine de nos mati\u00e8res premi\u00e8res peut \u00eatre suivie et trac\u00e9e en d\u00e9tail dans le cadre d\u2019une certification Halal.<\/p>\n\n\n\n<p><a href=\"https:\/\/www.isahalal.com\/\" target=\"_blank\" rel=\"noreferrer noopener\">www.isahalal.com<\/a><\/p>\n<\/div>\n<\/div>\n\n\n\n<div class=\"wp-block-columns is-layout-flex wp-container-core-columns-is-layout-9d6595d7 wp-block-columns-is-layout-flex\">\n<div class=\"wp-block-column is-layout-flow wp-block-column-is-layout-flow\">\n<figure class=\"wp-block-image\"><img decoding=\"async\" src=\"https:\/\/www.mykoplan.ch\/wp-content\/uploads\/2018\/06\/logo-capsservice.jpg\" alt=\"\" class=\"wp-image-317\"\/><\/figure>\n\n\n\n<h4 class=\"wp-block-heading\">Caps Service<\/h4>\n\n\n\n<p>Nos produits sont trait\u00e9s par une entreprise suisse qui fabrique des produits de haute qualit\u00e9. Gr\u00e2ce \u00e0 des contr\u00f4les de qualit\u00e9 et de s\u00e9curit\u00e9 approfondis, la s\u00e9curit\u00e9 des produits fabriqu\u00e9s est assur\u00e9e quotidiennement par Caps Service GmbH. La qualit\u00e9 des produits fabriqu\u00e9s par Caps Service est contr\u00f4l\u00e9e au moyen de proc\u00e9dures internes d\u00e9finies avant d\u2019\u00eatre approuv\u00e9e. Caps Service est une entreprise accr\u00e9dit\u00e9e qui peut \u00e9galement fabriquer des produits Swiss Label.<\/p>\n\n\n\n<p><a href=\"https:\/\/www.capsservice.ch\/\" target=\"_blank\" rel=\"noreferrer noopener\" aria-label=\"www.capsservice.ch (opens in a new tab)\">www.capsservice.ch<\/a><\/p>\n<\/div>\n\n\n\n<div class=\"wp-block-column is-layout-flow wp-block-column-is-layout-flow\">\n<figure class=\"wp-block-image size-full is-resized\"><img loading=\"lazy\" decoding=\"async\" width=\"484\" height=\"217\" src=\"https:\/\/www.mykoplan.ch\/wp-content\/uploads\/2022\/05\/Agroscope-Logo-web.jpg\" alt=\"\" class=\"wp-image-13112\"\/><\/figure>\n\n\n\n<div style=\"height:46px\" aria-hidden=\"true\" class=\"wp-block-spacer\"><\/div>\n\n\n\n<h4 class=\"wp-block-heading\">Agroscope<\/h4>\n\n\n\n<p>Mykoplan\u00ae est enregistr\u00e9 comme entreprise d\u2019alimentation animale par Agroscope Suisse.<\/p>\n\n\n\n<p><a href=\"https:\/\/www.agroscope.admin.ch\/agroscope\/de\/home.html\" rel=\"noopener\">www.agroscope.admin.ch<\/a><\/p>\n<\/div>\n<\/div>\n\n\n\n<div style=\"position:relative\"><div id=\"netzwerk\" style=\"position:absolute;top:-60px\"><\/div><\/div>\n\n\n\n<h2 class=\"wp-block-heading\">R\u00e9seau<\/h2>\n\n\n\n<div class=\"wp-block-columns has-2-columns is-layout-flex wp-container-core-columns-is-layout-9d6595d7 wp-block-columns-is-layout-flex\">\n<div class=\"wp-block-column is-layout-flow wp-block-column-is-layout-flow\">\n<div style=\"height:30px\" aria-hidden=\"true\" class=\"wp-block-spacer\"><\/div>\n\n\n\n<figure class=\"wp-block-image\"><img loading=\"lazy\" decoding=\"async\" width=\"386\" height=\"74\" src=\"https:\/\/www.mykoplan.ch\/wp-content\/uploads\/2018\/07\/logo-gfvs.png\" alt=\"Gesellschaft f\u00fcr Vitalpilzkunde Schweiz (GFVS)\" class=\"wp-image-431\" srcset=\"https:\/\/www.mykoplan.ch\/wp-content\/uploads\/2018\/07\/logo-gfvs.png 386w, https:\/\/www.mykoplan.ch\/wp-content\/uploads\/2018\/07\/logo-gfvs-300x58.png 300w\" sizes=\"auto, (max-width: 386px) 100vw, 386px\" \/><\/figure>\n\n\n\n<h4 class=\"wp-block-heading\">Gesellschaft f\u00fcr Vitalpilzkunde Schweiz (GFVS)<\/h4>\n\n\n\n<p>La Gesellschaft f\u00fcr Vitalpilzkunde Schweiz (GFVS) est une organisation ind\u00e9pendante dont l\u2019objectif est de pr\u00e9senter la mycoth\u00e9rapie de mani\u00e8re professionnelle. La GFVS informe sur le monde passionnant des champignons vitaux, propose des <a href=\"https:\/\/www.gfvs.ch\/2022\/01\/informationen-zur-ausbildung-mykotherapie\/\" target=\"_blank\" rel=\"noreferrer noopener\">conseils en mycoth\u00e9rapie et organise des cours de formation pour les professionnels<\/a>. Mykoplan\u00ae Vitalpilze Schweiz AG est membre de la GFVS et soutient l\u2019organisation dans ses int\u00e9r\u00eats.<\/p>\n\n\n\n<p><a href=\"https:\/\/www.gfvs.ch\/\" target=\"_blank\" rel=\"noreferrer noopener\" aria-label=\"www.gfvs.ch (opens in a new tab)\">www.gfvs.ch<\/a><\/p>\n<\/div>\n\n\n\n<div class=\"wp-block-column is-layout-flow wp-block-column-is-layout-flow\"><div class=\"wp-block-image\">\n<figure class=\"aligncenter\"><img decoding=\"async\" src=\"https:\/\/www.mykoplan.ch\/wp-content\/uploads\/2019\/11\/immc-logo.png\" alt=\"\" class=\"wp-image-2543\"\/><\/figure>\n<\/div>\n\n\n<h4 class=\"wp-block-heading\">International Medicinal Mushroom Conference<\/h4>\n\n\n\n<p>L\u2019International Medicinal Mushroom Conference est l\u2019organisation la plus importante pour les publications scientifiques sur les champignons vitaux. Mykoplan\u00ae est un participant r\u00e9gulier \u00e0 l\u2019IMMC.<\/p>\n\n\n\n<p><a rel=\"noreferrer noopener\" aria-label=\" (opens in a new tab)\" href=\"http:\/\/www.immc10.com\/\" target=\"_blank\">www.immc10.com<\/a><\/p>\n<\/div>\n<\/div>\n\n\n\n<div class=\"wp-block-columns has-2-columns is-layout-flex wp-container-core-columns-is-layout-9d6595d7 wp-block-columns-is-layout-flex\">\n<div class=\"wp-block-column is-layout-flow wp-block-column-is-layout-flow\"><div class=\"wp-block-image\">\n<figure class=\"aligncenter size-large\"><img loading=\"lazy\" decoding=\"async\" width=\"1200\" height=\"262\" src=\"https:\/\/www.mykoplan.ch\/wp-content\/uploads\/2022\/03\/Logo_Mykoplan_gruen-web-1200x262.png\" alt=\"Logo Mykoplan\" class=\"wp-image-12293\" srcset=\"https:\/\/www.mykoplan.ch\/wp-content\/uploads\/2022\/03\/Logo_Mykoplan_gruen-web-1200x262.png 1200w, https:\/\/www.mykoplan.ch\/wp-content\/uploads\/2022\/03\/Logo_Mykoplan_gruen-web-500x109.png 500w, https:\/\/www.mykoplan.ch\/wp-content\/uploads\/2022\/03\/Logo_Mykoplan_gruen-web-768x168.png 768w, https:\/\/www.mykoplan.ch\/wp-content\/uploads\/2022\/03\/Logo_Mykoplan_gruen-web-1536x336.png 1536w, https:\/\/www.mykoplan.ch\/wp-content\/uploads\/2022\/03\/Logo_Mykoplan_gruen-web-2048x448.png 2048w, https:\/\/www.mykoplan.ch\/wp-content\/uploads\/2022\/03\/Logo_Mykoplan_gruen-web-576x126.png 576w\" sizes=\"auto, (max-width: 1200px) 100vw, 1200px\" \/><\/figure>\n<\/div>\n\n\n<h4 class=\"wp-block-heading\">Mykoplan.de<\/h4>\n\n\n\n<p>Avec Mykoplan\u00ae Vitalpilze Deutschland, le partenaire de coop\u00e9ration de Mykoplan\u00ae Suisse, nous transmettons maintenant notre savoir et notre passion pour les produits de la meilleure qualit\u00e9 possible.<\/p>\n\n\n\n<p><a href=\"https:\/\/www.mykoplan.de\/\" target=\"_blank\" rel=\"noreferrer noopener\">www.mykoplan.de<\/a><\/p>\n<\/div>\n\n\n\n<div class=\"wp-block-column is-layout-flow wp-block-column-is-layout-flow\">\n<figure class=\"wp-block-image size-full\"><img loading=\"lazy\" decoding=\"async\" width=\"466\" height=\"73\" src=\"https:\/\/www.mykoplan.ch\/wp-content\/uploads\/2021\/10\/vitalpilzexperte-de.gif\" alt=\"\" class=\"wp-image-10610\"\/><\/figure>\n\n\n\n<div style=\"height:22px\" aria-hidden=\"true\" class=\"wp-block-spacer\"><\/div>\n\n\n\n<h4 class=\"wp-block-heading\">Vitalpilzexperte.de<\/h4>\n\n\n\n<p>Vitalpilzexperte.de est votre guide des champignons vitaux en Allemagne. En collaboration avec la GFVS, nous nous engageons \u00e0 promouvoir le monde fascinant des champignons vitaux et de la mycoth\u00e9rapie.<\/p>\n\n\n\n<p><a href=\"https:\/\/www.vitalpilzexperte.de\/\" target=\"_blank\" rel=\"noreferrer noopener\">www.vitalpilzexperte.de<\/a><\/p>\n<\/div>\n<\/div>\n\n\n\n<div class=\"wp-block-columns has-2-columns is-layout-flex wp-container-core-columns-is-layout-9d6595d7 wp-block-columns-is-layout-flex\">\n<div class=\"wp-block-column is-layout-flow wp-block-column-is-layout-flow\">\n<h4 class=\"wp-block-heading\">Mykotherapeuten.ch<\/h4>\n\n\n\n<p>Vous trouverez ici une liste de th\u00e9rapeutes ayant suivi une formation en mycoth\u00e9rapie. Nous devons vous informer que le site Web et les th\u00e9rapeutes mentionn\u00e9s sont exclus de toute responsabilit\u00e9 quant aux d\u00e9clarations faites sur d\u2019autres sites Web, notamment en ce qui concerne les contenus et les d\u00e9clarations relatives aux fins de gu\u00e9rison et aux effets des pr\u00e9parations mycologiques.<\/p>\n\n\n\n<p><a rel=\"noreferrer noopener\" href=\"https:\/\/www.mykotherapeuten.ch\/\" target=\"_blank\">www.mykotherapeuten.ch<\/a><\/p>\n<\/div>\n\n\n\n<div class=\"wp-block-column is-layout-flow wp-block-column-is-layout-flow\"><\/div>\n<\/div>\n\n\n\n<div class=\"wp-block-columns is-layout-flex wp-container-core-columns-is-layout-9d6595d7 wp-block-columns-is-layout-flex\">\n<div class=\"wp-block-column is-layout-flow wp-block-column-is-layout-flow\">\n<h2 class=\"wp-block-heading\">\u00c9change entre experts en champignons vitaux<\/h2>\n\n\n\n<p><strong>Vous \u00eates int\u00e9ress\u00e9 par les nouveaut\u00e9s concernant les champignons vitaux et les pr\u00e9parations \u00e0 base de champignons vitaux ?<\/strong><\/p>\n\n\n\n<p>Participez \u00e0 nos \u00e9v\u00e9nements en ligne ; organis\u00e9s par des experts pour des experts.<\/p>\n\n\n\n<div class=\"wp-block-buttons is-layout-flex wp-block-buttons-is-layout-flex\">\n<div class=\"wp-block-button\"><a class=\"wp-block-button__link wp-element-button\" href=\"https:\/\/www.mykoplan.ch\/fr\/echange-entre-experts-en-champignons-vitaux-nouveau-mise-a-jour-sur-la-mycotherapie\/\">Prochains rendez-vous<\/a><\/div>\n<\/div>\n<\/div>\n<\/div>\n","protected":false},"excerpt":{"rendered":"<p>Notre exigence \/ La qualit\u00e9 Mykoplan\u00ae \/ La cr\u00e9ation \/ Certificats \/ R\u00e9seau Notre exigence Derri\u00e8re Mykoplan\u00ae se cachent de nombreuses ann\u00e9es de passion pour les champignons vitaux et une solide exp\u00e9rience en naturopathie traditionnelle. De nombreux th\u00e9rapeutes font confiance aux ingr\u00e9dients de haute qualit\u00e9 et \u00e0 la s\u00e9curit\u00e9 de nos pr\u00e9parations \u00e0 base de &#8230; <a title=\"L\u2019univers Mykoplan\u00ae\" class=\"read-more\" href=\"https:\/\/www.mykoplan.ch\/fr\/lunivers-mykoplan\/\" aria-label=\"En savoir plus sur L\u2019univers Mykoplan\u00ae\">Lire la suite<\/a><\/p>\n","protected":false},"author":240,"featured_media":0,"parent":0,"menu_order":0,"comment_status":"closed","ping_status":"closed","template":"","meta":{"_coblocks_attr":"","_coblocks_dimensions":"","_coblocks_responsive_height":"","_coblocks_accordion_ie_support":"","footnotes":""},"class_list":["post-26438","page","type-page","status-publish"],"_links":{"self":[{"href":"https:\/\/www.mykoplan.ch\/fr\/wp-json\/wp\/v2\/pages\/26438","targetHints":{"allow":["GET"]}}],"collection":[{"href":"https:\/\/www.mykoplan.ch\/fr\/wp-json\/wp\/v2\/pages"}],"about":[{"href":"https:\/\/www.mykoplan.ch\/fr\/wp-json\/wp\/v2\/types\/page"}],"author":[{"embeddable":true,"href":"https:\/\/www.mykoplan.ch\/fr\/wp-json\/wp\/v2\/users\/240"}],"replies":[{"embeddable":true,"href":"https:\/\/www.mykoplan.ch\/fr\/wp-json\/wp\/v2\/comments?post=26438"}],"version-history":[{"count":17,"href":"https:\/\/www.mykoplan.ch\/fr\/wp-json\/wp\/v2\/pages\/26438\/revisions"}],"predecessor-version":[{"id":39577,"href":"https:\/\/www.mykoplan.ch\/fr\/wp-json\/wp\/v2\/pages\/26438\/revisions\/39577"}],"wp:attachment":[{"href":"https:\/\/www.mykoplan.ch\/fr\/wp-json\/wp\/v2\/media?parent=26438"}],"curies":[{"name":"wp","href":"https:\/\/api.w.org\/{rel}","templated":true}]}}